{"id":137,"date":"2013-07-30T22:47:15","date_gmt":"2013-07-30T21:47:15","guid":{"rendered":"http:\/\/woodstock.velkabystrice.cz\/wp\/?page_id=137"},"modified":"2026-07-30T13:19:19","modified_gmt":"2026-07-30T12:19:19","slug":"verejna-doprava","status":"publish","type":"page","link":"https:\/\/woodstock.velkabystrice.cz\/wp\/?page_id=137","title":{"rendered":"Ve\u0159ejn\u00e1 doprava"},"content":{"rendered":"<p>PLAT\u00cd JEN PRO HAN\u00c1CK\u00c9 WOODSTOCK<br \/>\n<strong>Po skon\u010den\u00ed festivalu bude vypraven svozov\u00fd autobus sm\u011br Olomouc z parkovi\u0161t\u011b u z\u00e1mku.<\/strong><br \/>\n.<br \/>\nDopravit se na akci a z akce m\u016f\u017eete n\u00e1sledovn\u011b:<\/p>\n<p><span style=\"text-decoration: underline;\"><strong>Sm\u011br z Olomouce do Velk\u00e9 Byst\u0159ice<br \/>\n<span style=\"background-color: #ffff00; color: #0000ff;\"><b>Pozor! V\u0161echny vlaky na Velk\u00e1 Byst\u0159ice, zast\u00e1vka stav\u00ed&nbsp; JEN NA ZNAMEN\u00cd!<\/b><\/span><br \/>\n<\/strong><\/span><\/p>\n<table style=\"width: 100%; height: 299px;\" align=\"center\">\n<tbody>\n<tr style=\"height: 46px;\">\n<td style=\"height: 46px; width: 12.2619%;\"><strong>Spoj<\/strong><\/td>\n<td style=\"height: 46px; width: 34.6429%;\"><strong>Olomouc hlavn\u00ed n\u00e1dra\u017e\u00ed<\/strong><br \/>\n<strong>Jeremenkova<\/strong><\/td>\n<td style=\"height: 46px; width: 20.119%;\"><strong>Velk\u00e1 Byst\u0159ice<\/strong><br \/>\n<strong>n\u00e1dra\u017e\u00ed<\/strong><\/td>\n<td style=\"height: 46px; width: 31.6667%;\"><strong>Velk\u00e1 Byst\u0159ice radnice<\/strong><br \/>\n<strong>\/ zast\u00e1vka \u010cD<\/strong><\/td>\n<\/tr>\n<tr style=\"height: 23px;\">\n<td style=\"height: 23px; width: 12.2619%;\"><strong>autobus<\/strong><\/td>\n<td style=\"height: 23px; width: 34.6429%;\">11:30<\/td>\n<td style=\"height: 23px; width: 20.119%;\">&#8212;<\/td>\n<td style=\"height: 23px; width: 31.6667%;\">11:42<\/td>\n<\/tr>\n<tr style=\"height: 23px;\">\n<td style=\"height: 23px; width: 12.2619%;\"><strong>vlak<\/strong><\/td>\n<td style=\"height: 23px; width: 34.6429%;\">12:35<\/td>\n<td style=\"height: 23px; width: 20.119%;\">12:43<\/td>\n<td style=\"height: 23px; width: 31.6667%;\">12:48<\/td>\n<\/tr>\n<tr style=\"height: 23px;\">\n<td style=\"height: 23px; width: 12.2619%;\"><strong>autobus<\/strong><\/td>\n<td style=\"height: 23px; width: 34.6429%;\">13:20<\/td>\n<td style=\"height: 23px; width: 20.119%;\">&#8212;<\/td>\n<td style=\"height: 23px; width: 31.6667%;\">13:32<\/td>\n<\/tr>\n<tr style=\"height: 23px;\">\n<td style=\"height: 23px; width: 12.2619%;\"><strong>vlak<\/strong><\/td>\n<td style=\"height: 23px; width: 34.6429%;\">14:35<\/td>\n<td style=\"height: 23px; width: 20.119%;\">14:43<\/td>\n<td style=\"height: 23px; width: 31.6667%;\">14:48<\/td>\n<\/tr>\n<tr style=\"height: 23px;\">\n<td style=\"height: 23px; width: 12.2619%;\"><strong>vlak<\/strong><\/td>\n<td style=\"height: 23px; width: 34.6429%;\">16:35<\/td>\n<td style=\"height: 23px; width: 20.119%;\">16:43<\/td>\n<td style=\"height: 23px; width: 31.6667%;\">16:48<\/td>\n<\/tr>\n<tr style=\"height: 23px;\">\n<td style=\"height: 23px; width: 12.2619%;\"><strong>autobus<\/strong><\/td>\n<td style=\"height: 23px; width: 34.6429%;\">17:15<\/td>\n<td style=\"height: 23px; width: 20.119%;\">&#8212;<\/td>\n<td style=\"height: 23px; width: 31.6667%;\">17:27<\/td>\n<\/tr>\n<tr style=\"height: 23px;\">\n<td style=\"height: 23px; width: 12.2619%;\"><strong>autobus<\/strong><\/td>\n<td style=\"height: 23px; width: 34.6429%;\">&nbsp; &nbsp;<strong>a<\/strong>18:25<\/td>\n<td style=\"height: 23px; width: 20.119%;\">&#8212;<\/td>\n<td style=\"height: 23px; width: 31.6667%;\">18:36<\/td>\n<\/tr>\n<tr style=\"height: 23px;\">\n<td style=\"height: 23px; width: 12.2619%;\"><strong>vlak<\/strong><\/td>\n<td style=\"height: 23px; width: 34.6429%;\">18:35<\/td>\n<td style=\"height: 23px; width: 20.119%;\">18:43<\/td>\n<td style=\"height: 23px; width: 31.6667%;\">18:48<\/td>\n<\/tr>\n<tr style=\"height: 23px;\">\n<td style=\"height: 23px; width: 12.2619%;\"><strong>autobus<\/strong><\/td>\n<td style=\"height: 23px; width: 34.6429%;\">&nbsp; &nbsp;<strong>a<\/strong>20:05<\/td>\n<td style=\"height: 23px; width: 20.119%;\">&#8212;<\/td>\n<td style=\"height: 23px; width: 31.6667%;\">20:16<\/td>\n<\/tr>\n<tr style=\"height: 23px;\">\n<td style=\"height: 23px; width: 12.2619%;\"><strong>vlak<\/strong><\/td>\n<td style=\"height: 23px; width: 34.6429%;\">20:36<\/td>\n<td style=\"height: 23px; width: 20.119%;\">20:44<\/td>\n<td style=\"height: 23px; width: 31.6667%;\">20:48<\/td>\n<\/tr>\n<tr>\n<td style=\"width: 12.2619%;\"><strong>autobus<\/strong><\/td>\n<td style=\"width: 34.6429%;\">&nbsp; &nbsp;<strong>a<\/strong>22:10<\/td>\n<td style=\"width: 20.119%;\">&#8212;<\/td>\n<td style=\"width: 31.6667%;\">22:20<\/td>\n<\/tr>\n<tr>\n<td style=\"width: 12.2619%;\"><strong>vlak<\/strong><\/td>\n<td style=\"width: 34.6429%;\">22:35<\/td>\n<td style=\"width: 20.119%;\">22:43<\/td>\n<td style=\"width: 31.6667%;\">22:48<\/td>\n<\/tr>\n<\/tbody>\n<\/table>\n<p><strong>a<\/strong>-jede z autobusov\u00e9ho n\u00e1dra\u017e\u00ed<br \/>\n.<br \/>\n<span style=\"text-decoration: underline;\"><strong>Sm\u011br z Velk\u00e9 Byst\u0159ice do Olomouce<br \/>\n<\/strong><\/span><span style=\"background-color: #ffff00; color: #0000ff;\"><b>Pozor! V\u0161echny vlaky na Velk\u00e1 Byst\u0159ice, zast\u00e1vka stav\u00ed JEN NA ZNAMEN\u00cd!<\/b><\/span><\/p>\n<table style=\"width: 100%; height: 92px;\" align=\"center\">\n<tbody>\n<tr style=\"height: 46px;\">\n<td style=\"width: 66.2812px; height: 46px;\"><strong>Spoj<\/strong><\/td>\n<td style=\"width: 207.479px; height: 46px;\"><strong>Velk\u00e1 Byst\u0159ice&nbsp;<\/strong><br \/>\n<strong>zast\u00e1vka \u010cD<\/strong><\/td>\n<td style=\"width: 198.521px; height: 46px;\"><strong>Velk\u00e1 Byst\u0159ice<\/strong><br \/>\n<strong>n\u00e1dra\u017e\u00ed<\/strong><\/td>\n<td style=\"width: 343.052px; height: 46px;\"><strong>Olomouc hlavn\u00ed n\u00e1dra\u017e\u00ed<\/strong><br \/>\n<strong>Jeremenkova<\/strong><\/td>\n<\/tr>\n<tr style=\"height: 23px;\">\n<td style=\"width: 66.2812px; height: 23px;\"><strong>vlak<\/strong><\/td>\n<td style=\"width: 207.479px; height: 23px;\">&nbsp; &nbsp;20:59<\/td>\n<td style=\"width: 198.521px; height: 23px;\">&nbsp;21:02<\/td>\n<td style=\"width: 343.052px; height: 23px;\">21:11<\/td>\n<\/tr>\n<tr style=\"height: 23px;\">\n<td style=\"width: 66.2812px; height: 23px;\"><strong>vlak<\/strong><\/td>\n<td style=\"width: 207.479px; height: 23px;\">&nbsp;&nbsp; 22:40<\/td>\n<td style=\"width: 198.521px; height: 23px;\">&nbsp;22:44<\/td>\n<td style=\"width: 343.052px; height: 23px;\">22:53<\/td>\n<\/tr>\n<\/tbody>\n<\/table>\n<p>&nbsp;<\/p>\n","protected":false},"excerpt":{"rendered":"<p>PLAT\u00cd JEN PRO HAN\u00c1CK\u00c9 WOODSTOCK Po skon\u010den\u00ed festivalu bude vypraven svozov\u00fd autobus sm\u011br Olomouc z parkovi\u0161t\u011b u z\u00e1mku. . Dopravit se na akci a z akce m\u016f\u017eete n\u00e1sledovn\u011b: Sm\u011br z Olomouce do Velk\u00e9 Byst\u0159ice Pozor! V\u0161echny vlaky na Velk\u00e1 Byst\u0159ice, &hellip; <a class=\"more-link\" href=\"https:\/\/woodstock.velkabystrice.cz\/wp\/?page_id=137\">Pokra\u010dovat ve \u010dten\u00ed <span class=\"meta-nav\">&rarr;<\/span><\/a><\/p>\n","protected":false},"author":2,"featured_media":0,"parent":0,"menu_order":0,"comment_status":"closed","ping_status":"closed","template":"","meta":{"ngg_post_thumbnail":0,"footnotes":""},"class_list":["post-137","page","type-page","status-publish","hentry"],"publishpress_future_action":{"enabled":false,"date":"2026-09-07 07:28:43","action":"draft","terms":[],"taxonomy":""},"_links":{"self":[{"href":"https:\/\/woodstock.velkabystrice.cz\/wp\/index.php?rest_route=\/wp\/v2\/pages\/137","targetHints":{"allow":["GET"]}}],"collection":[{"href":"https:\/\/woodstock.velkabystrice.cz\/wp\/index.php?rest_route=\/wp\/v2\/pages"}],"about":[{"href":"https:\/\/woodstock.velkabystrice.cz\/wp\/index.php?rest_route=\/wp\/v2\/types\/page"}],"author":[{"embeddable":true,"href":"https:\/\/woodstock.velkabystrice.cz\/wp\/index.php?rest_route=\/wp\/v2\/users\/2"}],"replies":[{"embeddable":true,"href":"https:\/\/woodstock.velkabystrice.cz\/wp\/index.php?rest_route=%2Fwp%2Fv2%2Fcomments&post=137"}],"version-history":[{"count":41,"href":"https:\/\/woodstock.velkabystrice.cz\/wp\/index.php?rest_route=\/wp\/v2\/pages\/137\/revisions"}],"predecessor-version":[{"id":1286,"href":"https:\/\/woodstock.velkabystrice.cz\/wp\/index.php?rest_route=\/wp\/v2\/pages\/137\/revisions\/1286"}],"wp:attachment":[{"href":"https:\/\/woodstock.velkabystrice.cz\/wp\/index.php?rest_route=%2Fwp%2Fv2%2Fmedia&parent=137"}],"curies":[{"name":"wp","href":"https:\/\/api.w.org\/{rel}","templated":true}]}}